{"id":282,"date":"2020-09-07T21:42:51","date_gmt":"2020-09-07T19:42:51","guid":{"rendered":"https:\/\/xn--naturheilkunde-bnde-lbc.de\/?page_id=282"},"modified":"2020-09-16T14:23:35","modified_gmt":"2020-09-16T12:23:35","slug":"datenschutzerklaerung-2","status":"publish","type":"page","link":"https:\/\/naturheilkunde-buende.de\/index.php\/datenschutzerklaerung-2\/","title":{"rendered":"Datenschutzerkl\u00e4rung"},"content":{"rendered":"\n<p>Wir freuen uns sehr \u00fcber Ihr Interesse an unserem Unternehmen. Datenschutz hat einen besonders hohen Stellenwert f\u00fcr die Gesch\u00e4ftsleitung der <strong>Praxis f\u00fcr Naturheilkunde &#8211; Martina Habermann<\/strong>. Eine Nutzung der Internetseiten der <strong>Praxis f\u00fcr Naturheilkunde &#8211; Martina Habermann <\/strong>ist grunds\u00e4tzlich ohne jede Angabe personenbezogener Daten m\u00f6glich. Sofern eine betroffene Person besondere Services unseres Unternehmens \u00fcber unsere Internetseite in Anspruch nehmen m\u00f6chte, k\u00f6nnte jedoch eine Verarbeitung personenbezogener Daten erforderlich werden. Ist die Verarbeitung personenbezogener Daten erforderlich und besteht f\u00fcr eine solche Verarbeitung keine gesetzliche Grundlage, holen wir generell eine Einwilligung der betroffenen Person ein.<\/p>\n\n\n\n<p>Die Verarbeitung personenbezogener\nDaten, beispielsweise des Namens, der Anschrift, E-Mail-Adresse oder\nTelefonnummer einer betroffenen Person, erfolgt stets im Einklang mit der\nDatenschutz-Grundverordnung und in \u00dcbereinstimmung mit den f\u00fcr die <strong>Praxis f\u00fcr Naturheilkunde &#8211; Martina\nHabermann<\/strong> geltenden landesspezifischen Datenschutzbestimmungen. Mittels\ndieser Datenschutzerkl\u00e4rung m\u00f6chte unser Unternehmen die \u00d6ffentlichkeit \u00fcber\nArt, Umfang und Zweck der von uns erhobenen, genutzten und verarbeiteten\npersonenbezogenen Daten informieren. Ferner werden betroffene Personen mittels\ndieser Datenschutzerkl\u00e4rung \u00fcber die ihnen zustehenden Rechte aufgekl\u00e4rt.<\/p>\n\n\n\n<p>Die <strong>Praxis f\u00fcr Naturheilkunde &#8211; Martina Habermann<\/strong> hat als f\u00fcr die\nVerarbeitung Verantwortlicher zahlreiche technische und organisatorische\nMa\u00dfnahmen umgesetzt, um einen m\u00f6glichst l\u00fcckenlosen Schutz der \u00fcber diese\nInternetseite verarbeiteten personenbezogenen Daten sicherzustellen. Dennoch\nk\u00f6nnen Internetbasierte Daten\u00fcbertragungen grunds\u00e4tzlich Sicherheitsl\u00fccken\naufweisen, sodass ein absoluter Schutz nicht gew\u00e4hrleistet werden kann. Aus\ndiesem Grund steht es jeder betroffenen Person frei, personenbezogene Daten\nauch auf alternativen Wegen, beispielsweise telefonisch, an uns zu \u00fcbermitteln.<\/p>\n\n\n\n<p><strong>1. Begriffsbestimmungen<\/strong><\/p>\n\n\n\n<p>Die Datenschutzerkl\u00e4rung der <strong>Praxis f\u00fcr Naturheilkunde &#8211; Martina\nHabermann<\/strong> beruht auf den Begrifflichkeiten, die durch den Europ\u00e4ischen\nRichtlinien- und Verordnungsgeber beim Erlass der Datenschutz-Grundverordnung\n(DS-GVO) verwendet wurden. Unsere Datenschutzerkl\u00e4rung soll sowohl f\u00fcr die\n\u00d6ffentlichkeit als auch f\u00fcr unsere Kunden und Gesch\u00e4ftspartner einfach lesbar\nund verst\u00e4ndlich sein. Um dies zu gew\u00e4hrleisten, m\u00f6chten wir vorab die\nverwendeten Begrifflichkeiten erl\u00e4utern.<\/p>\n\n\n\n<p>Wir verwenden in dieser\nDatenschutzerkl\u00e4rung unter anderem die folgenden Begriffe:<\/p>\n\n\n\n<ul><li><strong>a)&nbsp;&nbsp;&nbsp;\n     personenbezogene Daten<\/strong><\/li><\/ul>\n\n\n\n<p>Personenbezogene\nDaten sind alle Informationen, die sich auf eine identifizierte oder\nidentifizierbare nat\u00fcrliche Person (im Folgenden \u201ebetroffene Person\u201c) beziehen.\nAls identifizierbar wird eine nat\u00fcrliche Person angesehen, die direkt oder\nindirekt, insbesondere mittels Zuordnung zu einer Kennung wie einem Namen, zu\neiner Kennnummer, zu Standortdaten, zu einer Online-Kennung oder zu einem oder\nmehreren besonderen Merkmalen, die Ausdruck der physischen, physiologischen,\ngenetischen, psychischen, wirtschaftlichen, kulturellen oder sozialen Identit\u00e4t\ndieser nat\u00fcrlichen Person sind, identifiziert werden kann.<\/p>\n\n\n\n<ul><li><strong>b)&nbsp;&nbsp;&nbsp;\n     betroffene Person<\/strong><\/li><\/ul>\n\n\n\n<p>Betroffene\nPerson ist jede identifizierte oder identifizierbare nat\u00fcrliche Person, deren\npersonenbezogene Daten von dem f\u00fcr die Verarbeitung Verantwortlichen\nverarbeitet werden.<\/p>\n\n\n\n<ul><li><strong>c)&nbsp;&nbsp;&nbsp;\n     Verarbeitung<\/strong><\/li><\/ul>\n\n\n\n<p>Verarbeitung\nist jeder mit oder ohne Hilfe automatisierter Verfahren ausgef\u00fchrte Vorgang\noder jede solche Vorgangsreihe im Zusammenhang mit personenbezogenen Daten wie\ndas Erheben, das Erfassen, die Organisation, das Ordnen, die Speicherung, die\nAnpassung oder Ver\u00e4nderung, das Auslesen, das Abfragen, die Verwendung, die\nOffenlegung durch \u00dcbermittlung, Verbreitung oder eine andere Form der\nBereitstellung, den Abgleich oder die Verkn\u00fcpfung, die Einschr\u00e4nkung, das\nL\u00f6schen oder die Vernichtung.<\/p>\n\n\n\n<ul><li><strong>d)&nbsp;&nbsp;&nbsp;\n     Einschr\u00e4nkung der Verarbeitung<\/strong><\/li><\/ul>\n\n\n\n<p>Einschr\u00e4nkung\nder Verarbeitung ist die Markierung gespeicherter personenbezogener Daten mit\ndem Ziel, ihre k\u00fcnftige Verarbeitung einzuschr\u00e4nken.<\/p>\n\n\n\n<ul><li><strong>e)&nbsp;&nbsp;&nbsp;\n     Profiling<\/strong><\/li><\/ul>\n\n\n\n<p>Profiling\nist jede Art der automatisierten Verarbeitung personenbezogener Daten, die\ndarin besteht, dass diese personenbezogenen Daten verwendet werden, um\nbestimmte pers\u00f6nliche Aspekte, die sich auf eine nat\u00fcrliche Person beziehen, zu\nbewerten, insbesondere, um Aspekte bez\u00fcglich Arbeitsleistung, wirtschaftlicher\nLage, Gesundheit, pers\u00f6nlicher Vorlieben, Interessen, Zuverl\u00e4ssigkeit,\nVerhalten, Aufenthaltsort oder Ortswechsel dieser nat\u00fcrlichen Person zu analysieren\noder vorherzusagen.<\/p>\n\n\n\n<ul><li><strong>f)&nbsp;&nbsp;&nbsp;&nbsp;\n     Pseudonymisierung<\/strong><\/li><\/ul>\n\n\n\n<p>Pseudonymisierung\nist die Verarbeitung personenbezogener Daten in einer Weise, auf welche die\npersonenbezogenen Daten ohne Hinzuziehung zus\u00e4tzlicher Informationen nicht mehr\neiner spezifischen betroffenen Person zugeordnet werden k\u00f6nnen, sofern diese\nzus\u00e4tzlichen Informationen gesondert aufbewahrt werden und technischen und\norganisatorischen Ma\u00dfnahmen unterliegen, die gew\u00e4hrleisten, dass die\npersonenbezogenen Daten nicht einer identifizierten oder identifizierbaren\nnat\u00fcrlichen Person zugewiesen werden.<\/p>\n\n\n\n<ul><li><strong>g)&nbsp;&nbsp;&nbsp;\n     Verantwortlicher oder f\u00fcr die Verarbeitung Verantwortlicher<\/strong><\/li><\/ul>\n\n\n\n<p>Verantwortlicher\noder f\u00fcr die Verarbeitung Verantwortlicher ist die nat\u00fcrliche oder juristische\nPerson, Beh\u00f6rde, Einrichtung oder andere Stelle, die allein oder gemeinsam mit\nanderen \u00fcber die Zwecke und Mittel der Verarbeitung von personenbezogenen Daten\nentscheidet. Sind die Zwecke und Mittel dieser Verarbeitung durch das\nUnionsrecht oder das Recht der Mitgliedstaaten vorgegeben, so kann der\nVerantwortliche beziehungsweise k\u00f6nnen die bestimmten Kriterien seiner\nBenennung nach dem Unionsrecht oder dem Recht der Mitgliedstaaten vorgesehen\nwerden.<\/p>\n\n\n\n<ul><li><strong>h)&nbsp;&nbsp;&nbsp;\n     Auftragsverarbeiter<\/strong><\/li><\/ul>\n\n\n\n<p>Auftragsverarbeiter\nist eine nat\u00fcrliche oder juristische Person, Beh\u00f6rde, Einrichtung oder andere\nStelle, die personenbezogene Daten im Auftrag des Verantwortlichen verarbeitet.<\/p>\n\n\n\n<ul><li><strong>i)&nbsp;&nbsp;&nbsp;&nbsp;&nbsp;\n     Empf\u00e4nger<\/strong><\/li><\/ul>\n\n\n\n<p>Empf\u00e4nger\nist eine nat\u00fcrliche oder juristische Person, Beh\u00f6rde, Einrichtung oder andere\nStelle, der personenbezogene Daten offengelegt werden, unabh\u00e4ngig davon, ob es\nsich bei ihr um einen Dritten handelt oder nicht. Beh\u00f6rden, die im Rahmen eines\nbestimmten Untersuchungsauftrags nach dem Unionsrecht oder dem Recht der\nMitgliedstaaten m\u00f6glicherweise personenbezogene Daten erhalten, gelten jedoch\nnicht als Empf\u00e4nger.<\/p>\n\n\n\n<ul><li><strong>j)&nbsp;&nbsp;&nbsp;&nbsp;&nbsp;\n     Dritter<\/strong><\/li><\/ul>\n\n\n\n<p>Dritter\nist eine nat\u00fcrliche oder juristische Person, Beh\u00f6rde, Einrichtung oder andere\nStelle au\u00dfer der betroffenen Person, dem Verantwortlichen, dem\nAuftragsverarbeiter und den Personen, die unter der unmittelbaren Verantwortung\ndes Verantwortlichen oder des Auftragsverarbeiters befugt sind, die\npersonenbezogenen Daten zu verarbeiten.<\/p>\n\n\n\n<ul><li><strong>k)&nbsp;&nbsp;&nbsp;\n     Einwilligung<\/strong><\/li><\/ul>\n\n\n\n<p>Einwilligung\nist jede von der betroffenen Person freiwillig f\u00fcr den bestimmten Fall in\ninformierter Weise und unmissverst\u00e4ndlich abgegebene Willensbekundung in Form\neiner Erkl\u00e4rung oder einer sonstigen eindeutigen best\u00e4tigenden Handlung, mit\nder die betroffene Person zu verstehen gibt, dass sie mit der Verarbeitung der\nsie betreffenden personenbezogenen Daten einverstanden ist.<\/p>\n\n\n\n<p><strong>2. Name und Anschrift des f\u00fcr die Verarbeitung\nVerantwortlichen<\/strong><\/p>\n\n\n\n<p>Verantwortlicher im Sinne der\nDatenschutz-Grundverordnung, sonstiger in den Mitgliedstaaten der Europ\u00e4ischen\nUnion geltenden Datenschutzgesetze und anderer Bestimmungen mit datenschutzrechtlichem\nCharakter ist die:<\/p>\n\n\n\n<p><strong>Praxis f\u00fcr Naturheilkunde &#8211; Martina Habermann<\/strong><\/p>\n\n\n\n<p>Molkenkeller 10<\/p>\n\n\n\n<p>32257 B\u00fcnde<\/p>\n\n\n\n<p>Deutschland<\/p>\n\n\n\n<p>Tel.: 0049-5223-7893001<\/p>\n\n\n\n<p>E-Mail:\nmhabermann@naturheilkunde-buende.de<\/p>\n\n\n\n<p>Website:\nwww.naturheilkunde-buende.de<\/p>\n\n\n\n<p><strong>3. Cookies<\/strong><\/p>\n\n\n\n<p>Die Internetseiten der <strong>Praxis f\u00fcr Naturheilkunde &#8211; Martina\nHabermann<\/strong> verwenden Cookies. Cookies sind Textdateien, welche \u00fcber einen\nInternetbrowser auf einem Computersystem abgelegt und gespeichert werden.<\/p>\n\n\n\n<p>Zahlreiche Internetseiten und Server\nverwenden Cookies. Viele Cookies enthalten eine sogenannte Cookie-ID. Eine\nCookie-ID ist eine eindeutige Kennung des Cookies. Sie besteht aus einer\nZeichenfolge, durch welche Internetseiten und Server dem konkreten\nInternetbrowser zugeordnet werden k\u00f6nnen, in dem das Cookie gespeichert wurde.\nDies erm\u00f6glicht es den besuchten Internetseiten und Servern, den individuellen\nBrowser der betroffenen Person von anderen Internetbrowsern, die andere Cookies\nenthalten, zu unterscheiden. Ein bestimmter Internetbrowser kann \u00fcber die\neindeutige Cookie-ID wiedererkannt und identifiziert werden.<\/p>\n\n\n\n<p>Durch den Einsatz von Cookies kann\ndie <strong>Praxis f\u00fcr Naturheilkunde &#8211; Martina\nHabermann<\/strong> den Nutzern dieser Internetseite nutzerfreundlichere Services\nbereitstellen, die ohne die Cookie-Setzung nicht m\u00f6glich w\u00e4ren.<\/p>\n\n\n\n<p>Mittels eines Cookies k\u00f6nnen die\nInformationen und Angebote auf unserer Internetseite im Sinne des Benutzers\noptimiert werden. Cookies erm\u00f6glichen uns, wie bereits erw\u00e4hnt, die Benutzer\nunserer Internetseite wiederzuerkennen. Zweck dieser Wiedererkennung ist es,\nden Nutzern die Verwendung unserer Internetseite zu erleichtern. Der Benutzer\neiner Internetseite, die Cookies verwendet, muss beispielsweise nicht bei jedem\nBesuch der Internetseite erneut seine Zugangsdaten eingeben, weil dies von der\nInternetseite und dem auf dem Computersystem des Benutzers abgelegten Cookie\n\u00fcbernommen wird. Ein weiteres Beispiel ist das Cookie eines Warenkorbes im\nOnline-Shop. Der Online-Shop merkt sich die Artikel, die ein Kunde in den\nvirtuellen Warenkorb gelegt hat, \u00fcber ein Cookie.<\/p>\n\n\n\n<p>Die betroffene Person kann die\nSetzung von Cookies durch unsere Internetseite jederzeit mittels einer\nentsprechenden Einstellung des genutzten Internetbrowsers verhindern und damit\nder Setzung von Cookies dauerhaft widersprechen. Ferner k\u00f6nnen bereits gesetzte\nCookies jederzeit \u00fcber einen Internetbrowser oder andere Softwareprogramme\ngel\u00f6scht werden. Dies ist in allen g\u00e4ngigen Internetbrowsern m\u00f6glich.\nDeaktiviert die betroffene Person die Setzung von Cookies in dem genutzten\nInternetbrowser, sind unter Umst\u00e4nden nicht alle Funktionen unserer\nInternetseite vollumf\u00e4nglich nutzbar.<\/p>\n\n\n\n<p><strong>4. Erfassung von allgemeinen Daten und Informationen<\/strong><\/p>\n\n\n\n<p>Die Internetseite der <strong>Praxis f\u00fcr Naturheilkunde &#8211; Martina\nHabermann<\/strong> erfasst mit jedem Aufruf der Internetseite durch eine betroffene\nPerson oder ein automatisiertes System eine Reihe von allgemeinen Daten und\nInformationen. Diese allgemeinen Daten und Informationen werden in den Logfiles\ndes Servers gespeichert. Erfasst werden k\u00f6nnen die (1) verwendeten Browsertypen\nund Versionen, (2) das vom zugreifenden System verwendete Betriebssystem, (3)\ndie Internetseite, von welcher ein zugreifendes System auf unsere Internetseite\ngelangt (sogenannte Referrer), (4) die Unterwebseiten, welche \u00fcber ein\nzugreifendes System auf unserer Internetseite angesteuert werden, (5) das Datum\nund die Uhrzeit eines Zugriffs auf die Internetseite, (6) eine\nInternet-Protokoll-Adresse (IP-Adresse), (7) der Internet-Service-Provider des\nzugreifenden Systems und (8) sonstige \u00e4hnliche Daten und Informationen, die der\nGefahrenabwehr im Falle von Angriffen auf unsere informationstechnologischen\nSysteme dienen.<\/p>\n\n\n\n<p>Bei der Nutzung dieser allgemeinen\nDaten und Informationen zieht die <strong>Praxis\nf\u00fcr Naturheilkunde &#8211; Martina Habermann<\/strong> keine R\u00fcckschl\u00fcsse auf die betroffene\nPerson. Diese Informationen werden vielmehr ben\u00f6tigt, um (1) die Inhalte\nunserer Internetseite korrekt auszuliefern, (2) die Inhalte unserer\nInternetseite sowie die Werbung f\u00fcr diese zu optimieren, (3) die dauerhafte\nFunktionsf\u00e4higkeit unserer informationstechnologischen Systeme und der Technik\nunserer Internetseite zu gew\u00e4hrleisten sowie (4) um Strafverfolgungsbeh\u00f6rden im\nFalle eines Cyberangriffes die zur Strafverfolgung notwendigen Informationen\nbereitzustellen. Diese anonym erhobenen Daten und Informationen werden durch\ndie Praxis f\u00fcr Naturheilkunde &#8211; Martina Habermann daher einerseits statistisch\nund ferner mit dem Ziel ausgewertet, den Datenschutz und die Datensicherheit in\nunserem Unternehmen zu erh\u00f6hen, um letztlich ein optimales Schutzniveau f\u00fcr die\nvon uns verarbeiteten personenbezogenen Daten sicherzustellen. Die anonymen\nDaten der Server-Logfiles werden getrennt von allen durch eine betroffene\nPerson angegebenen personenbezogenen Daten gespeichert.<\/p>\n\n\n\n<p><strong>5. Registrierung auf unserer Internetseite<\/strong><\/p>\n\n\n\n<p>Die betroffene Person hat die\nM\u00f6glichkeit, sich auf der Internetseite des f\u00fcr die Verarbeitung\nVerantwortlichen unter Angabe von personenbezogenen Daten zu registrieren.\nWelche personenbezogenen Daten dabei an den f\u00fcr die Verarbeitung\nVerantwortlichen \u00fcbermittelt werden, ergibt sich aus der jeweiligen\nEingabemaske, die f\u00fcr die Registrierung verwendet wird. Die von der betroffenen\nPerson eingegebenen personenbezogenen Daten werden ausschlie\u00dflich f\u00fcr die\ninterne Verwendung bei dem f\u00fcr die Verarbeitung Verantwortlichen und f\u00fcr eigene\nZwecke erhoben und gespeichert. Der f\u00fcr die Verarbeitung Verantwortliche kann\ndie Weitergabe an einen oder mehrere Auftragsverarbeiter, beispielsweise einen\nPaketdienstleister, veranlassen, der die personenbezogenen Daten ebenfalls\nausschlie\u00dflich f\u00fcr eine interne Verwendung, die dem f\u00fcr die Verarbeitung\nVerantwortlichen zuzurechnen ist, nutzt.<\/p>\n\n\n\n<p>Durch eine Registrierung auf der\nInternetseite des f\u00fcr die Verarbeitung Verantwortlichen wird ferner die vom\nInternet-Service-Provider (ISP) der betroffenen Person vergebene IP-Adresse,\ndas Datum sowie die Uhrzeit der Registrierung gespeichert. Die Speicherung\ndieser Daten erfolgt vor dem Hintergrund, dass nur so der Missbrauch unserer\nDienste verhindert werden kann, und diese Daten im Bedarfsfall erm\u00f6glichen,\nbegangene Straftaten aufzukl\u00e4ren. Insofern ist die Speicherung dieser Daten zur\nAbsicherung des f\u00fcr die Verarbeitung Verantwortlichen erforderlich. Eine\nWeitergabe dieser Daten an Dritte erfolgt grunds\u00e4tzlich nicht, sofern keine\ngesetzliche Pflicht zur Weitergabe besteht oder die Weitergabe der\nStrafverfolgung dient.<\/p>\n\n\n\n<p>Die Registrierung der betroffenen\nPerson unter freiwilliger Angabe personenbezogener Daten dient dem f\u00fcr die\nVerarbeitung Verantwortlichen dazu, der betroffenen Person Inhalte oder\nLeistungen anzubieten, die aufgrund der Natur der Sache nur registrierten\nBenutzern angeboten werden k\u00f6nnen. Registrierten Personen steht die M\u00f6glichkeit\nfrei, die bei der Registrierung angegebenen personenbezogenen Daten jederzeit\nabzu\u00e4ndern oder vollst\u00e4ndig aus dem Datenbestand des f\u00fcr die Verarbeitung\nVerantwortlichen l\u00f6schen zu lassen.<\/p>\n\n\n\n<p>Der f\u00fcr die Verarbeitung\nVerantwortliche erteilt jeder betroffenen Person jederzeit auf Anfrage Auskunft\ndar\u00fcber, welche personenbezogenen Daten \u00fcber die betroffene Person gespeichert\nsind. Ferner berichtigt oder l\u00f6scht der f\u00fcr die Verarbeitung Verantwortliche\npersonenbezogene Daten auf Wunsch oder Hinweis der betroffenen Person, soweit\ndem keine gesetzlichen Aufbewahrungspflichten entgegenstehen. Die Gesamtheit der\nMitarbeiter des f\u00fcr die Verarbeitung Verantwortlichen stehen der betroffenen\nPerson in diesem Zusammenhang als Ansprechpartner zur Verf\u00fcgung.<\/p>\n\n\n\n<p><strong>6. Abonnement unseres Newsletters<\/strong><\/p>\n\n\n\n<p>Auf der Internetseite der <strong>Praxis f\u00fcr Naturheilkunde &#8211; Martina\nHabermann<\/strong> wird den Benutzern die M\u00f6glichkeit einger\u00e4umt, den Newsletter\nunseres Unternehmens zu abonnieren. Welche personenbezogenen Daten bei der\nBestellung des Newsletters an den f\u00fcr die Verarbeitung Verantwortlichen\n\u00fcbermittelt werden, ergibt sich aus der hierzu verwendeten Eingabemaske.<\/p>\n\n\n\n<p>Die <strong>Praxis f\u00fcr Naturheilkunde &#8211; Martina Habermann<\/strong> informiert ihre\nKunden und Gesch\u00e4ftspartner in regelm\u00e4\u00dfigen Abst\u00e4nden im Wege eines Newsletters\n\u00fcber Angebote des Unternehmens. Der Newsletter unseres Unternehmens kann von\nder betroffenen Person grunds\u00e4tzlich nur dann empfangen werden, wenn (1) die\nbetroffene Person \u00fcber eine g\u00fcltige E-Mail-Adresse verf\u00fcgt und (2) die\nbetroffene Person sich f\u00fcr den Newsletterversand registriert. An die von einer\nbetroffenen Person erstmalig f\u00fcr den Newsletterversand eingetragene\nE-Mail-Adresse wird aus rechtlichen Gr\u00fcnden eine Best\u00e4tigungsmail im\nDouble-Opt-In-Verfahren versendet. Diese Best\u00e4tigungsmail dient der\n\u00dcberpr\u00fcfung, ob der Inhaber der E-Mail-Adresse als betroffene Person den\nEmpfang des Newsletters autorisiert hat.<\/p>\n\n\n\n<p>Bei der Anmeldung zum Newsletter\nspeichern wir ferner die vom Internet-Service-Provider (ISP) vergebene\nIP-Adresse des von der betroffenen Person zum Zeitpunkt der Anmeldung\nverwendeten Computersystems sowie das Datum und die Uhrzeit der Anmeldung. Die\nErhebung dieser Daten ist erforderlich, um den(m\u00f6glichen) Missbrauch der\nE-Mail-Adresse einer betroffenen Person zu einem sp\u00e4teren Zeitpunkt\nnachvollziehen zu k\u00f6nnen und dient deshalb der rechtlichen Absicherung des f\u00fcr\ndie Verarbeitung Verantwortlichen.<\/p>\n\n\n\n<p>Die im Rahmen einer Anmeldung zum\nNewsletter erhobenen personenbezogenen Daten werden ausschlie\u00dflich zum Versand\nunseres Newsletters verwendet. Ferner k\u00f6nnten Abonnenten des Newsletters per\nE-Mail informiert werden, sofern dies f\u00fcr den Betrieb des Newsletter-Dienstes\noder eine diesbez\u00fcgliche Registrierung erforderlich ist, wie dies im Falle von\n\u00c4nderungen am Newsletterangebot oder bei der Ver\u00e4nderung der technischen\nGegebenheiten der Fall sein k\u00f6nnte. Es erfolgt keine Weitergabe der im Rahmen\ndes Newsletter-Dienstes erhobenen personenbezogenen Daten an Dritte. Das\nAbonnement unseres Newsletters kann durch die betroffene Person jederzeit\ngek\u00fcndigt werden. Die Einwilligung in die Speicherung personenbezogener Daten,\ndie die betroffene Person uns f\u00fcr den Newsletterversand erteilt hat, kann\njederzeit widerrufen werden. Zum Zwecke des Widerrufs der Einwilligung findet\nsich in jedem Newsletter ein entsprechender Link. Ferner besteht die\nM\u00f6glichkeit, sich jederzeit auch direkt auf der Internetseite des f\u00fcr die\nVerarbeitung Verantwortlichen vom Newsletterversand abzumelden oder dies dem\nf\u00fcr die Verarbeitung Verantwortlichen auf andere Weise mitzuteilen.<\/p>\n\n\n\n<p><strong>7. Newsletter-Tracking<\/strong><\/p>\n\n\n\n<p>Die Newsletter der <strong>Praxis f\u00fcr Naturheilkunde &#8211; Martina\nHabermann<\/strong> enthalten sogenannte Z\u00e4hlpixel. Ein Z\u00e4hlpixel ist eine\nMiniaturgrafik, die in solche E-Mails eingebettet wird, welche im HTML-Format\nversendet werden, um eine Logdatei-Aufzeichnung und eine Logdatei-Analyse zu\nerm\u00f6glichen. Dadurch kann eine statistische Auswertung des Erfolges oder\nMisserfolges von Online-Marketing-Kampagnen durchgef\u00fchrt werden. Anhand des\neingebetteten Z\u00e4hlpixels kann die Praxis f\u00fcr Naturheilkunde &#8211; Martina Habermann\nerkennen, ob und wann eine E-Mail von einer betroffenen Person ge\u00f6ffnet wurde\nund welche in der E-Mail befindlichen Links von der betroffenen Person\naufgerufen wurden.<\/p>\n\n\n\n<p>Solche \u00fcber die in den Newslettern\nenthaltenen Z\u00e4hlpixel erhobenen personenbezogenen Daten, werden von dem f\u00fcr die\nVerarbeitung Verantwortlichen gespeichert und ausgewertet, um den\nNewsletterversand zu optimieren und den Inhalt zuk\u00fcnftiger Newsletter noch\nbesser den Interessen der betroffenen Person anzupassen. Diese\npersonenbezogenen Daten werden nicht an Dritte weitergegeben. Betroffene\nPersonen sind jederzeit berechtigt, die diesbez\u00fcgliche gesonderte, \u00fcber das\nDouble-Opt-In-Verfahren abgegebene Einwilligungserkl\u00e4rung zu widerrufen. Nach\neinem Widerruf werden diese personenbezogenen Daten von dem f\u00fcr die\nVerarbeitung Verantwortlichen gel\u00f6scht. Eine Abmeldung vom Erhalt des Newsletters\ndeutet die Praxis f\u00fcr Naturheilkunde &#8211; Martina Habermann automatisch als\nWiderruf.<\/p>\n\n\n\n<p><strong>8. Kontaktm\u00f6glichkeit \u00fcber die Internetseite<\/strong><\/p>\n\n\n\n<p>Die Internetseite der <strong>Praxis f\u00fcr Naturheilkunde &#8211; Martina\nHabermann<\/strong> enth\u00e4lt aufgrund von gesetzlichen Vorschriften Angaben, die eine\nschnelle elektronische Kontaktaufnahme zu unserem Unternehmen sowie eine\nunmittelbare Kommunikation mit uns erm\u00f6glichen, was ebenfalls eine allgemeine\nAdresse der sogenannten elektronischen Post (E-Mail-Adresse) umfasst. Sofern\neine betroffene Person per E-Mail oder \u00fcber ein Kontaktformular den Kontakt mit\ndem f\u00fcr die Verarbeitung Verantwortlichen aufnimmt, werden die von der\nbetroffenen Person \u00fcbermittelten personenbezogenen Daten automatisch\ngespeichert. Solche auf freiwilliger Basis von einer betroffenen Person an den\nf\u00fcr die Verarbeitung Verantwortlichen \u00fcbermittelten personenbezogenen Daten\nwerden f\u00fcr Zwecke der Bearbeitung oder der Kontaktaufnahme zur betroffenen\nPerson gespeichert. Es erfolgt keine Weitergabe dieser personenbezogenen Daten\nan Dritte.<\/p>\n\n\n\n<p><strong>9. Routinem\u00e4\u00dfige L\u00f6schung und Sperrung von personenbezogenen\nDaten<\/strong><\/p>\n\n\n\n<p>Der f\u00fcr die Verarbeitung\nVerantwortliche verarbeitet und speichert personenbezogene Daten der\nbetroffenen Person nur f\u00fcr den Zeitraum, der zur Erreichung des\nSpeicherungszwecks erforderlich ist oder sofern dies durch den Europ\u00e4ischen\nRichtlinien- und Verordnungsgeber oder einen anderen Gesetzgeber in Gesetzen\noder Vorschriften, welchen der f\u00fcr die Verarbeitung Verantwortliche unterliegt,\nvorgesehen wurde.<\/p>\n\n\n\n<p>Entf\u00e4llt der Speicherungszweck oder\nl\u00e4uft eine vom Europ\u00e4ischen Richtlinien- und Verordnungsgeber oder einem\nanderen zust\u00e4ndigen Gesetzgeber vorgeschriebene Speicherfrist ab, werden die\npersonenbezogenen Daten routinem\u00e4\u00dfig und entsprechend den gesetzlichen\nVorschriften gesperrt oder gel\u00f6scht.<\/p>\n\n\n\n<p><strong>10. Rechte der betroffenen Person<\/strong><\/p>\n\n\n\n<ul><li><strong>a)&nbsp;&nbsp;&nbsp;\n     Recht auf Best\u00e4tigung<\/strong><\/li><\/ul>\n\n\n\n<p>Jede\nbetroffene Person hat das vom Europ\u00e4ischen Richtlinien- und Verordnungsgeber\neinger\u00e4umte Recht, von dem f\u00fcr die Verarbeitung Verantwortlichen eine\nBest\u00e4tigung dar\u00fcber zu verlangen, ob sie betreffende personenbezogene Daten\nverarbeitet werden. M\u00f6chte eine betroffene Person dieses Best\u00e4tigungsrecht in\nAnspruch nehmen, kann sie sich hierzu jederzeit an einen Mitarbeiter des f\u00fcr\ndie Verarbeitung Verantwortlichen wenden.<\/p>\n\n\n\n<ul><li><strong>b)&nbsp;&nbsp;&nbsp;\n     Recht auf Auskunft<\/strong><\/li><\/ul>\n\n\n\n<p>Jede von\nder Verarbeitung personenbezogener Daten betroffene Person hat das vom\nEurop\u00e4ischen Richtlinien- und Verordnungsgeber gew\u00e4hrte Recht, jederzeit von\ndem f\u00fcr die Verarbeitung Verantwortlichen unentgeltliche Auskunft \u00fcber die zu\nseiner Person gespeicherten personenbezogenen Daten und eine Kopie dieser\nAuskunft zu erhalten. Ferner hat der Europ\u00e4ische Richtlinien- und\nVerordnungsgeber der betroffenen Person Auskunft \u00fcber folgende Informationen\nzugestanden:<\/p>\n\n\n\n<ul><li>die\n      Verarbeitungszwecke<\/li><li>die\n      Kategorien personenbezogener Daten, die verarbeitet werden<\/li><li>die\n      Empf\u00e4nger oder Kategorien von Empf\u00e4ngern, gegen\u00fcber denen die\n      personenbezogenen Daten offengelegt worden sind oder noch offengelegt\n      werden, insbesondere bei Empf\u00e4ngern in Drittl\u00e4ndern oder bei internationalen\n      Organisationen<\/li><li>falls\n      m\u00f6glich die geplante Dauer, f\u00fcr die die personenbezogenen Daten\n      gespeichert werden, oder, falls dies nicht m\u00f6glich ist, die Kriterien f\u00fcr\n      die Festlegung dieser Dauer<\/li><li>das\n      Bestehen eines Rechts auf Berichtigung oder L\u00f6schung der sie betreffenden\n      personenbezogenen Daten oder auf Einschr\u00e4nkung der Verarbeitung durch den\n      Verantwortlichen oder eines Widerspruchsrechts gegen diese Verarbeitung<\/li><li>das\n      Bestehen eines Beschwerderechts bei einer Aufsichtsbeh\u00f6rde<\/li><li>wenn\n      die personenbezogenen Daten nicht bei der betroffenen Person erhoben\n      werden: Alle verf\u00fcgbaren Informationen \u00fcber die Herkunft der Daten<\/li><li>das\n      Bestehen einer automatisierten Entscheidungsfindung einschlie\u00dflich\n      Profiling gem\u00e4\u00df Artikel 22 Abs.1 und 4 DS-GVO und \u2014 zumindest in diesen\n      F\u00e4llen \u2014 aussagekr\u00e4ftige Informationen \u00fcber die involvierte Logik sowie\n      die Tragweite und die angestrebten Auswirkungen einer derartigen\n      Verarbeitung f\u00fcr die betroffene Person<\/li><\/ul>\n\n\n\n<p>Ferner\nsteht der betroffenen Person ein Auskunftsrecht dar\u00fcber zu, ob personenbezogene\nDaten an ein Drittland oder an eine internationale Organisation \u00fcbermittelt\nwurden. Sofern dies der Fall ist, so steht der betroffenen Person im \u00dcbrigen\ndas Recht zu, Auskunft \u00fcber die geeigneten Garantien im Zusammenhang mit der\n\u00dcbermittlung zu erhalten.<\/p>\n\n\n\n<p>M\u00f6chte\neine betroffene Person dieses Auskunftsrecht in Anspruch nehmen, kann sie sich\nhierzu jederzeit an einen Mitarbeiter des f\u00fcr die Verarbeitung Verantwortlichen\nwenden.<\/p>\n\n\n\n<ul><li><strong>c)&nbsp;&nbsp;&nbsp;\n     Recht auf Berichtigung<\/strong><\/li><\/ul>\n\n\n\n<p>Jede von\nder Verarbeitung personenbezogener Daten betroffene Person hat das vom\nEurop\u00e4ischen Richtlinien- und Verordnungsgeber gew\u00e4hrte Recht, die\nunverz\u00fcgliche Berichtigung sie betreffender unrichtiger personenbezogener Daten\nzu verlangen. Ferner steht der betroffenen Person das Recht zu, unter Ber\u00fccksichtigung\nder Zwecke der Verarbeitung, die Vervollst\u00e4ndigung unvollst\u00e4ndiger\npersonenbezogener Daten \u2014 auch mittels einer erg\u00e4nzenden Erkl\u00e4rung \u2014 zu\nverlangen.<\/p>\n\n\n\n<p>M\u00f6chte\neine betroffene Person dieses Berichtigungsrecht in Anspruch nehmen, kann sie\nsich hierzu jederzeit an einen Mitarbeiter des f\u00fcr die Verarbeitung\nVerantwortlichen wenden.<\/p>\n\n\n\n<ul><li><strong>d)&nbsp;&nbsp;&nbsp;\n     Recht auf L\u00f6schung (Recht auf Vergessen werden)<\/strong><\/li><\/ul>\n\n\n\n<p>Jede von\nder Verarbeitung personenbezogener Daten betroffene Person hat das vom\nEurop\u00e4ischen Richtlinien- und Verordnungsgeber gew\u00e4hrte Recht, von dem\nVerantwortlichen zu verlangen, dass die sie betreffenden personenbezogenen\nDaten unverz\u00fcglich gel\u00f6scht werden, sofern einer der folgenden Gr\u00fcnde zutrifft\nund soweit die Verarbeitung nicht erforderlich ist:<\/p>\n\n\n\n<ul><li>Die\n      personenbezogenen Daten wurden f\u00fcr solche Zwecke erhoben oder auf\n      sonstige Weise verarbeitet, f\u00fcr welche sie nicht mehr notwendig sind.<\/li><li>Die\n      betroffene Person widerruft ihre Einwilligung, auf die sich die\n      Verarbeitung gem\u00e4\u00df Art. 6 Abs. 1 Buchstabe a DS-GVO oder Art. 9 Abs. 2\n      Buchstabe a DS-GVO st\u00fctzte, und es fehlt an einer anderweitigen\n      Rechtsgrundlage f\u00fcr die Verarbeitung.<\/li><li>Die\n      betroffene Person legt gem\u00e4\u00df Art. 21 Abs. 1 DS-GVO Widerspruch gegen die\n      Verarbeitung ein, und es liegen keine vorrangigen berechtigten Gr\u00fcnde f\u00fcr\n      die Verarbeitung vor, oder die betroffene Person legt gem\u00e4\u00df Art. 21 Abs.\n      2 DS-GVO Widerspruch gegen die Verarbeitung ein.<\/li><li>Die\n      personenbezogenen Daten wurden unrechtm\u00e4\u00dfig verarbeitet.<\/li><li>Die\n      L\u00f6schung der personenbezogenen Daten ist zur Erf\u00fcllung einer rechtlichen\n      Verpflichtung nach dem Unionsrecht oder dem Recht der Mitgliedstaaten\n      erforderlich, dem der Verantwortliche unterliegt.<\/li><li>Die\n      personenbezogenen Daten wurden in Bezug auf angebotene Dienste der\n      Informationsgesellschaft gem\u00e4\u00df Art. 8 Abs. 1 DS-GVO erhoben.<\/li><\/ul>\n\n\n\n<p>Sofern\neiner der oben genannten Gr\u00fcnde zutrifft und eine betroffene Person die\nL\u00f6schung von personenbezogenen Daten, die bei der <strong>Praxis f\u00fcr Naturheilkunde &#8211; Martina Habermann<\/strong> gespeichert sind,\nveranlassen m\u00f6chte, kann sie sich hierzu jederzeit an einen Mitarbeiter des f\u00fcr\ndie Verarbeitung Verantwortlichen wenden. Der Mitarbeiter der <strong>Praxis f\u00fcr Naturheilkunde &#8211; Martina\nHabermann<\/strong> wird veranlassen, dass dem L\u00f6schverlangen unverz\u00fcglich\nnachgekommen wird.<\/p>\n\n\n\n<p>Wurden die\npersonenbezogenen Daten von der <strong>Praxis f\u00fcr\nNaturheilkunde &#8211; Martina Habermann<\/strong> \u00f6ffentlich gemacht und ist unser\nUnternehmen als Verantwortlicher gem\u00e4\u00df Art. 17 Abs. 1 DS-GVO zur L\u00f6schung der\npersonenbezogenen Daten verpflichtet, so trifft die <strong>Praxis f\u00fcr Naturheilkunde &#8211; Martina Habermann<\/strong> unter Ber\u00fccksichtigung\nder verf\u00fcgbaren Technologie und der Implementierungskosten angemessene\nMa\u00dfnahmen, auch technischer Art, um andere f\u00fcr die Datenverarbeitung\nVerantwortliche, welche die ver\u00f6ffentlichten personenbezogenen Daten\nverarbeiten, dar\u00fcber in Kenntnis zu setzen, dass die betroffene Person von\ndiesen anderen f\u00fcr die Datenverarbeitung Verantwortlichen die L\u00f6schung\ns\u00e4mtlicher Links zu diesen personenbezogenen Daten oder von Kopien oder\nReplikationen dieser personenbezogenen Daten verlangt hat, soweit die Verarbeitung\nnicht erforderlich ist. Der Mitarbeiter der <strong>Praxis f\u00fcr Naturheilkunde &#8211; Martina Habermann<\/strong> wird im Einzelfall\ndas Notwendige veranlassen.<\/p>\n\n\n\n<ul><li><strong>e)&nbsp;&nbsp;&nbsp;\n     Recht auf Einschr\u00e4nkung der Verarbeitung<\/strong><\/li><\/ul>\n\n\n\n<p>Jede von\nder Verarbeitung personenbezogener Daten betroffene Person hat das vom\nEurop\u00e4ischen Richtlinien- und Verordnungsgeber gew\u00e4hrte Recht, von dem\nVerantwortlichen die Einschr\u00e4nkung der Verarbeitung zu verlangen, wenn eine der\nfolgenden Voraussetzungen gegeben ist:<\/p>\n\n\n\n<ul><li>Die\n      Richtigkeit der personenbezogenen Daten wird von der betroffenen Person\n      bestritten, und zwar f\u00fcr eine Dauer, die es dem Verantwortlichen\n      erm\u00f6glicht, die Richtigkeit der personenbezogenen Daten zu \u00fcberpr\u00fcfen.<\/li><li>Die\n      Verarbeitung ist unrechtm\u00e4\u00dfig, die betroffene Person lehnt die L\u00f6schung\n      der personenbezogenen Daten ab und verlangt stattdessen die Einschr\u00e4nkung\n      der Nutzung der personenbezogenen Daten.<\/li><li>Der\n      Verantwortliche ben\u00f6tigt die personenbezogenen Daten f\u00fcr die Zwecke der\n      Verarbeitung nicht l\u00e4nger, die betroffene Person ben\u00f6tigt sie jedoch zur\n      Geltendmachung, Aus\u00fcbung oder Verteidigung von Rechtsanspr\u00fcchen.<\/li><li>Die\n      betroffene Person hat Widerspruch gegen die Verarbeitung gem. Art. 21\n      Abs. 1 DS-GVO eingelegt und es steht noch nicht fest, ob die berechtigten\n      Gr\u00fcnde des Verantwortlichen gegen\u00fcber denen der betroffenen Person\n      \u00fcberwiegen.<\/li><\/ul>\n\n\n\n<p>Sofern\neine der oben genannten Voraussetzungen gegeben ist und eine betroffene Person\ndie Einschr\u00e4nkung von personenbezogenen Daten, die bei der <strong>Praxis f\u00fcr Naturheilkunde &#8211; Martina Habermann<\/strong> gespeichert sind,\nverlangen m\u00f6chte, kann sie sich hierzu jederzeit an einen Mitarbeiter des f\u00fcr\ndie Verarbeitung Verantwortlichen wenden. Der Mitarbeiter <strong>der Praxis f\u00fcr Naturheilkunde &#8211; Martina Habermann<\/strong> wird die\nEinschr\u00e4nkung der Verarbeitung veranlassen.<\/p>\n\n\n\n<ul><li><strong>f)&nbsp;&nbsp;&nbsp;&nbsp;\n     Recht auf Daten\u00fcbertragbarkeit<\/strong><\/li><\/ul>\n\n\n\n<p>Jede von\nder Verarbeitung personenbezogener Daten betroffene Person hat das vom\nEurop\u00e4ischen Richtlinien- und Verordnungsgeber gew\u00e4hrte Recht, die sie\nbetreffenden personenbezogenen Daten, welche durch die betroffene Person einem\nVerantwortlichen bereitgestellt wurden, in einem strukturierten, g\u00e4ngigen und\nmaschinenlesbaren Format zu erhalten. Sie hat au\u00dferdem das Recht, diese Daten\neinem anderen Verantwortlichen ohne Behinderung durch den Verantwortlichen, dem\ndie personenbezogenen Daten bereitgestellt wurden, zu \u00fcbermitteln, sofern die\nVerarbeitung auf der Einwilligung gem\u00e4\u00df Art. 6 Abs. 1 Buchstabe a DS-GVO oder\nArt. 9 Abs. 2 Buchstabe a DS-GVO oder auf einem Vertrag gem\u00e4\u00df Art. 6 Abs. 1\nBuchstabe b DS-GVO beruht und die Verarbeitung mithilfe automatisierter\nVerfahren erfolgt, sofern die Verarbeitung nicht f\u00fcr die Wahrnehmung einer\nAufgabe erforderlich ist, die im \u00f6ffentlichen Interesse liegt oder in Aus\u00fcbung\n\u00f6ffentlicher Gewalt erfolgt, welche dem Verantwortlichen \u00fcbertragen wurde.<\/p>\n\n\n\n<p>Ferner hat\ndie betroffene Person bei der Aus\u00fcbung ihres Rechts auf Daten\u00fcbertragbarkeit\ngem\u00e4\u00df Art. 20 Abs. 1 DS-GVO das Recht, zu erwirken, dass die personenbezogenen\nDaten direkt von einem Verantwortlichen an einen anderen Verantwortlichen\n\u00fcbermittelt werden, soweit dies technisch machbar ist und sofern hiervon nicht\ndie Rechte und Freiheiten anderer Personen beeintr\u00e4chtigt werden.<\/p>\n\n\n\n<p>Zur Geltendmachung des Rechts auf Daten\u00fcbertragbarkeit kann sich die betroffene Person jederzeit an einen Mitarbeiter der <strong>Praxis f\u00fcr Naturheilkunde &#8211; Martina Habermann<\/strong> wenden.<\/p>\n\n\n\n<ul><li><strong>g)&nbsp;&nbsp;&nbsp;\n     Recht auf Widerspruch<\/strong><\/li><\/ul>\n\n\n\n<p>Jede von\nder Verarbeitung personenbezogener Daten betroffene Person hat das vom\nEurop\u00e4ischen Richtlinien- und Verordnungsgeber gew\u00e4hrte Recht, aus Gr\u00fcnden, die\nsich aus ihrer besonderen Situation ergeben, jederzeit gegen die Verarbeitung\nsie betreffender personenbezogener Daten, die aufgrund von Art. 6 Abs. 1\nBuchstaben e oder f DS-GVO erfolgt, Widerspruch einzulegen. Dies gilt auch f\u00fcr\nein auf diese Bestimmungen gest\u00fctztes Profiling.<\/p>\n\n\n\n<p>Die <strong>Praxis f\u00fcr Naturheilkunde &#8211; Martina\nHabermann<\/strong> verarbeitet die personenbezogenen Daten im Falle des Widerspruchs\nnicht mehr, es sei denn, wir k\u00f6nnen zwingende schutzw\u00fcrdige Gr\u00fcnde f\u00fcr die\nVerarbeitung nachweisen, die den Interessen, Rechten und Freiheiten der\nbetroffenen Person \u00fcberwiegen, oder die Verarbeitung dient der Geltendmachung,\nAus\u00fcbung oder Verteidigung von Rechtsanspr\u00fcchen.<\/p>\n\n\n\n<p>Verarbeitet die <strong>Praxis f\u00fcr Naturheilkunde &#8211; Martina Habermann<\/strong> personenbezogene Daten, um Direktwerbung zu betreiben, so hat die betroffene Person das Recht, jederzeit Widerspruch gegen die Verarbeitung der personenbezogenen Daten zum Zwecke derartiger Werbung einzulegen. Dies gilt auch f\u00fcr das Profiling, soweit es mit solcher Direktwerbung in Verbindung steht. Widerspricht die betroffene Person gegen\u00fcber der <strong>Praxis f\u00fcr Naturheilkunde &#8211; Martina Habermann<\/strong> der Verarbeitung f\u00fcr Zwecke der Direktwerbung, so wird die <strong>Praxis f\u00fcr Naturheilkunde &#8211; Martina Habermann<\/strong> die personenbezogenen Daten nicht mehr f\u00fcr diese Zwecke verarbeiten.<\/p>\n\n\n\n<p>Zudem hat die betroffene Person das Recht, aus Gr\u00fcnden, die sich aus ihrer besonderen Situation ergeben, gegen die sie betreffende Verarbeitung personenbezogener Daten, die bei der <strong>Praxis f\u00fcr Naturheilkunde &#8211; Martina Habermann<\/strong> zu wissenschaftlichen oder historischen Forschungszwecken oder zu statistischen Zwecken gem\u00e4\u00df Art. 89 Abs. 1 DS-GVO erfolgen, Widerspruch einzulegen, es sei denn, eine solche Verarbeitung ist zur Erf\u00fcllung einer im \u00f6ffentlichen Interesse liegenden Aufgabe erforderlich.<\/p>\n\n\n\n<p>Zur\nAus\u00fcbung des Rechts auf Widerspruch kann sich die betroffene Person direkt an\njeden Mitarbeiter der <strong>Praxis f\u00fcr\nNaturheilkunde &#8211; Martina Habermann<\/strong> oder einen anderen Mitarbeiter wenden.\nDer betroffenen Person steht es ferner frei, im Zusammenhang mit der Nutzung\nvon Diensten der Informationsgesellschaft, ungeachtet der Richtlinie\n2002\/58\/EG, ihr Widerspruchsrecht mittels automatisierter Verfahren auszu\u00fcben,\nbei denen technische Spezifikationen verwendet werden.<\/p>\n\n\n\n<ul><li><strong>h)&nbsp;&nbsp;&nbsp;\n     Automatisierte Entscheidungen im Einzelfall einschlie\u00dflich Profiling<\/strong><\/li><\/ul>\n\n\n\n<p>Jede von\nder Verarbeitung personenbezogener Daten betroffene Person hat das vom\nEurop\u00e4ischen Richtlinien- und Verordnungsgeber gew\u00e4hrte Recht, nicht einer\nausschlie\u00dflich auf einer automatisierten Verarbeitung \u2014 einschlie\u00dflich\nProfiling \u2014 beruhenden Entscheidung unterworfen zu werden, die ihr gegen\u00fcber\nrechtliche Wirkung entfaltet oder sie in \u00e4hnlicher Weise erheblich\nbeeintr\u00e4chtigt, sofern die Entscheidung (1) nicht f\u00fcr den Abschluss oder die\nErf\u00fcllung eines Vertrags zwischen der betroffenen Person und dem\nVerantwortlichen erforderlich ist, oder (2) aufgrund von Rechtsvorschriften der\nUnion oder der Mitgliedstaaten, denen der Verantwortliche unterliegt, zul\u00e4ssig\nist und diese Rechtsvorschriften angemessene Ma\u00dfnahmen zur Wahrung der Rechte\nund Freiheiten sowie der berechtigten Interessen der betroffenen Person\nenthalten oder (3) mit ausdr\u00fccklicher Einwilligung der betroffenen Person\nerfolgt.<\/p>\n\n\n\n<p>Ist die\nEntscheidung (1) f\u00fcr den Abschluss oder die Erf\u00fcllung eines Vertrags zwischen\nder betroffenen Person und dem Verantwortlichen erforderlich oder (2) erfolgt\nsie mit ausdr\u00fccklicher Einwilligung der betroffenen Person, trifft die Praxis\nf\u00fcr Naturheilkunde &#8211; Martina Habermann angemessene Ma\u00dfnahmen, um die Rechte und\nFreiheiten sowie die berechtigten Interessen der betroffenen Person zu wahren,\nwozu mindestens das Recht auf Erwirkung des Eingreifens einer Person seitens\ndes Verantwortlichen, auf Darlegung des eigenen Standpunkts und auf Anfechtung\nder Entscheidung geh\u00f6rt.<\/p>\n\n\n\n<p>M\u00f6chte die\nbetroffene Person Rechte mit Bezug auf automatisierte Entscheidungen geltend\nmachen, kann sie sich hierzu jederzeit an einen Mitarbeiter des f\u00fcr die\nVerarbeitung Verantwortlichen wenden.<\/p>\n\n\n\n<ul><li><strong>i)&nbsp;&nbsp;&nbsp;&nbsp;&nbsp;\n     Recht auf Widerruf einer datenschutzrechtlichen Einwilligung<\/strong><\/li><\/ul>\n\n\n\n<p>Jede von\nder Verarbeitung personenbezogener Daten betroffene Person hat das vom\nEurop\u00e4ischen Richtlinien- und Verordnungsgeber gew\u00e4hrte Recht, eine\nEinwilligung zur Verarbeitung personenbezogener Daten jederzeit zu widerrufen.<\/p>\n\n\n\n<p>M\u00f6chte die\nbetroffene Person ihr Recht auf Widerruf einer Einwilligung geltend machen,\nkann sie sich hierzu jederzeit an einen Mitarbeiter des f\u00fcr die Verarbeitung\nVerantwortlichen wenden.<\/p>\n\n\n\n<p><strong>11. Rechtsgrundlage der Verarbeitung<\/strong><\/p>\n\n\n\n<p>Art. 6 I lit. a DS-GVO dient unserem\nUnternehmen als Rechtsgrundlage f\u00fcr Verarbeitungsvorg\u00e4nge, bei denen wir eine\nEinwilligung f\u00fcr einen bestimmten Verarbeitungszweck einholen. Ist die\nVerarbeitung personenbezogener Daten zur Erf\u00fcllung eines Vertrags, dessen\nVertragspartei die betroffene Person ist, erforderlich, wie dies beispielsweise\nbei Verarbeitungsvorg\u00e4ngen der Fall ist, die f\u00fcr eine Lieferung von Waren oder\ndie Erbringung einer sonstigen Leistung oder Gegenleistung notwendig sind, so\nberuht die Verarbeitung auf Art. 6 I lit. b DS-GVO. Gleiches gilt f\u00fcr solche\nVerarbeitungsvorg\u00e4nge die zur Durchf\u00fchrung vorvertraglicher Ma\u00dfnahmen\nerforderlich sind, etwa in F\u00e4llen von Anfragen zur unseren Produkten oder\nLeistungen. Unterliegt unser Unternehmen einer rechtlichen Verpflichtung durch\nwelche eine Verarbeitung von personenbezogenen Daten erforderlich wird, wie\nbeispielsweise zur Erf\u00fcllung steuerlicher Pflichten, so basiert die\nVerarbeitung auf Art. 6 I lit. c DS-GVO. In seltenen F\u00e4llen k\u00f6nnte die\nVerarbeitung von personenbezogenen Daten erforderlich werden, um lebenswichtige\nInteressen der betroffenen Person oder einer anderen nat\u00fcrlichen Person zu\nsch\u00fctzen. Dies w\u00e4re beispielsweise der Fall, wenn ein Besucher in unserem\nBetrieb verletzt werden w\u00fcrde und daraufhin sein Name, sein Alter, seine\nKrankenkassendaten oder sonstige lebenswichtige Informationen an einen Arzt,\nein Krankenhaus oder sonstige Dritte weitergegeben werden m\u00fcssten. Dann w\u00fcrde\ndie Verarbeitung auf Art. 6 I lit. d DS-GVO beruhen. Letztlich k\u00f6nnten\nVerarbeitungsvorg\u00e4nge auf Art. 6 I lit. f DS-GVO beruhen. Auf dieser\nRechtsgrundlage basieren Verarbeitungsvorg\u00e4nge, die von keiner der vorgenannten\nRechtsgrundlagen erfasst werden, wenn die Verarbeitung zur Wahrung eines\nberechtigten Interesses unseres Unternehmens oder eines Dritten erforderlich\nist, sofern die Interessen, Grundrechte und Grundfreiheiten des Betroffenen\nnicht \u00fcberwiegen. Solche Verarbeitungsvorg\u00e4nge sind uns insbesondere deshalb\ngestattet, weil sie durch den Europ\u00e4ischen Gesetzgeber besonders erw\u00e4hnt\nwurden. Er vertrat insoweit die Auffassung, dass ein berechtigtes Interesse anzunehmen\nsein k\u00f6nnte, wenn die betroffene Person ein Kunde des Verantwortlichen ist\n(Erw\u00e4gungsgrund 47 Satz 2 DS-GVO). <\/p>\n\n\n\n<p><strong>12. Berechtigte Interessen an der Verarbeitung, die von dem\nVerantwortlichen oder einem Dritten verfolgt werden<\/strong><\/p>\n\n\n\n<p>Basiert die Verarbeitung personenbezogener\nDaten auf Artikel 6 I lit. f DS-GVO ist unser berechtigtes Interesse die\nDurchf\u00fchrung unserer Gesch\u00e4ftst\u00e4tigkeit zugunsten des Wohlergehens all unserer\nMitarbeiter und unserer Anteilseigner.<\/p>\n\n\n\n<p><strong>13. Dauer, f\u00fcr die die personenbezogenen Daten gespeichert\nwerden<\/strong><\/p>\n\n\n\n<p>Das Kriterium f\u00fcr die Dauer der\nSpeicherung von personenbezogenen Daten ist die jeweilige gesetzliche\nAufbewahrungsfrist. Nach Ablauf der Frist werden die entsprechenden Daten\nroutinem\u00e4\u00dfig gel\u00f6scht, sofern sie nicht mehr zur Vertragserf\u00fcllung oder\nVertragsanbahnung erforderlich sind.<\/p>\n\n\n\n<p><strong>14. Gesetzliche oder vertragliche Vorschriften zur\nBereitstellung der personenbezogenen Daten; Erforderlichkeit f\u00fcr den\nVertragsabschluss; Verpflichtung der betroffenen Person, die personenbezogenen\nDaten bereitzustellen; m\u00f6gliche Folgen der Nichtbereitstellung<\/strong><\/p>\n\n\n\n<p>Wir kl\u00e4ren Sie dar\u00fcber auf, dass die\nBereitstellung personenbezogener Daten zum Teil gesetzlich vorgeschrieben ist\n(z.B. Steuervorschriften) oder sich auch aus vertraglichen Regelungen (z.B.\nAngaben zum Vertragspartner) ergeben kann. Mitunter kann es zu einem\nVertragsschluss erforderlich sein, dass eine betroffene Person uns\npersonenbezogene Daten zur Verf\u00fcgung stellt, die in der Folge durch uns\nverarbeitet werden m\u00fcssen. Die betroffene Person ist beispielsweise\nverpflichtet uns personenbezogene Daten bereitzustellen, wenn unser Unternehmen\nmit ihr einen Vertrag abschlie\u00dft. Eine Nichtbereitstellung der\npersonenbezogenen Daten h\u00e4tte zur Folge, dass der Vertrag mit dem Betroffenen\nnicht geschlossen werden k\u00f6nnte. Vor einer Bereitstellung personenbezogener\nDaten durch den Betroffenen muss sich der Betroffene an einen unserer\nMitarbeiter wenden. Unser Mitarbeiter kl\u00e4rt den Betroffenen einzelfallbezogen\ndar\u00fcber auf, ob die Bereitstellung der personenbezogenen Daten gesetzlich oder\nvertraglich vorgeschrieben oder f\u00fcr den Vertragsabschluss erforderlich ist, ob\neine Verpflichtung besteht, die personenbezogenen Daten bereitzustellen, und\nwelche Folgen die Nichtbereitstellung der personenbezogenen Daten h\u00e4tte. <\/p>\n\n\n\n<p><strong>15. Bestehen einer automatisierten Entscheidungsfindung<\/strong><\/p>\n\n\n\n<p>Als verantwortungsbewusstes\nUnternehmen verzichten wir auf eine automatische Entscheidungsfindung oder ein\nProfiling.\n\nDiese Datenschutzerkl\u00e4rung wurde durch den\nDatenschutzerkl\u00e4rungs-Generator der DGD Deutsche Gesellschaft f\u00fcr Datenschutz\nGmbH, die als <a href=\"https:\/\/dg-datenschutz.de\/datenschutz-dienstleistungen\/externer-datenschutzbeauftragter\/\">Externer Datenschutzbeauftragter Schweinfurt<\/a>\nt\u00e4tig ist, in Kooperation mit dem <a href=\"https:\/\/www.wbs-law.de\/it-recht\/datenschutzrecht\">Anwalt f\u00fcr Datenschutzrecht<\/a> Christian Solmecke erstellt\n\n\n\n<\/p>\n\n\n\n<p><\/p>\n\n\n\n<p><\/p>\n","protected":false},"excerpt":{"rendered":"<p>Wir freuen uns sehr \u00fcber Ihr Interesse an unserem Unternehmen. Datenschutz hat einen besonders hohen Stellenwert f\u00fcr die Gesch\u00e4ftsleitung der Praxis f\u00fcr Naturheilkunde &#8211; Martina Habermann. Eine Nutzung der Internetseiten der Praxis f\u00fcr Naturheilkunde &#8211; Martina Habermann ist grunds\u00e4tzlich ohne jede Angabe personenbezogener Daten m\u00f6glich. Sofern eine betroffene Person besondere Services unseres Unternehmens \u00fcber unsere &hellip; <\/p>\n<p class=\"link-more\"><a href=\"https:\/\/naturheilkunde-buende.de\/index.php\/datenschutzerklaerung-2\/\" class=\"more-link\"><span class=\"screen-reader-text\">\u201eDatenschutzerkl\u00e4rung\u201c<\/span> weiterlesen<\/a><\/p>\n","protected":false},"author":1,"featured_media":0,"parent":0,"menu_order":0,"comment_status":"closed","ping_status":"closed","template":"","meta":[],"_links":{"self":[{"href":"https:\/\/naturheilkunde-buende.de\/index.php\/wp-json\/wp\/v2\/pages\/282"}],"collection":[{"href":"https:\/\/naturheilkunde-buende.de\/index.php\/wp-json\/wp\/v2\/pages"}],"about":[{"href":"https:\/\/naturheilkunde-buende.de\/index.php\/wp-json\/wp\/v2\/types\/page"}],"author":[{"embeddable":true,"href":"https:\/\/naturheilkunde-buende.de\/index.php\/wp-json\/wp\/v2\/users\/1"}],"replies":[{"embeddable":true,"href":"https:\/\/naturheilkunde-buende.de\/index.php\/wp-json\/wp\/v2\/comments?post=282"}],"version-history":[{"count":3,"href":"https:\/\/naturheilkunde-buende.de\/index.php\/wp-json\/wp\/v2\/pages\/282\/revisions"}],"predecessor-version":[{"id":354,"href":"https:\/\/naturheilkunde-buende.de\/index.php\/wp-json\/wp\/v2\/pages\/282\/revisions\/354"}],"wp:attachment":[{"href":"https:\/\/naturheilkunde-buende.de\/index.php\/wp-json\/wp\/v2\/media?parent=282"}],"curies":[{"name":"wp","href":"https:\/\/api.w.org\/{rel}","templated":true}]}}